{"id":6264,"date":"2025-04-23T15:53:30","date_gmt":"2025-04-23T13:53:30","guid":{"rendered":"https:\/\/www.timmermansgarden.se\/?page_id=6264"},"modified":"2026-09-04T13:21:16","modified_gmt":"2026-09-04T11:21:16","slug":"hem","status":"publish","type":"page","link":"https:\/\/www.timmermansgarden.se\/","title":{"rendered":"HEM"},"content":{"rendered":"<form role=\"search\" method=\"get\" action=\"https:\/\/www.timmermansgarden.se\/\" class=\"wp-block-search__button-outside wp-block-search__text-button wp-block-search\" ><label class=\"wp-block-search__label screen-reader-text\" for=\"wp-block-search__input-1\" >S\u00f6k<\/label><div class=\"wp-block-search__inside-wrapper\" ><input class=\"wp-block-search__input\" id=\"wp-block-search__input-1\" placeholder=\"\" value=\"\" type=\"search\" name=\"s\" required \/><button aria-label=\"S\u00f6k\" class=\"wp-block-search__button wp-element-button\" type=\"submit\" >S\u00f6k<\/button><\/div><\/form>\n\n\n<div style=\"height:60px\" aria-hidden=\"true\" class=\"wp-block-spacer\"><\/div>\n\n\n\n<div class=\"wp-block-group\"><div class=\"wp-block-group__inner-container is-layout-constrained wp-block-group-is-layout-constrained\">\n<div class=\"wp-block-uagb-container uagb-layout-flex uagb-block-3dfd9aab alignwide uagb-is-root-container\">\n<div class=\"wp-block-uagb-container uagb-layout-grid uagb-block-5a6e5d4b\">\n<figure class=\"wp-block-image size-large\"><a href=\"http:\/\/www.timmermansgarden.se\/wp-content\/uploads\/2026\/08\/Kopia-av-Colorful-Collage-Cut-Outs-Birthday-Party-Invitation-3-e1786966332986.jpg\"><img loading=\"lazy\" decoding=\"async\" width=\"700\" height=\"769\" src=\"http:\/\/www.timmermansgarden.se\/wp-content\/uploads\/2026\/08\/Kopia-av-Colorful-Collage-Cut-Outs-Birthday-Party-Invitation-3-e1786966332986-700x769.jpg\" alt=\"\" class=\"wp-image-8505\" srcset=\"https:\/\/www.timmermansgarden.se\/wp-content\/uploads\/2026\/08\/Kopia-av-Colorful-Collage-Cut-Outs-Birthday-Party-Invitation-3-e1786966332986-700x769.jpg 700w, https:\/\/www.timmermansgarden.se\/wp-content\/uploads\/2026\/08\/Kopia-av-Colorful-Collage-Cut-Outs-Birthday-Party-Invitation-3-e1786966332986-273x300.jpg 273w, https:\/\/www.timmermansgarden.se\/wp-content\/uploads\/2026\/08\/Kopia-av-Colorful-Collage-Cut-Outs-Birthday-Party-Invitation-3-e1786966332986-768x844.jpg 768w, https:\/\/www.timmermansgarden.se\/wp-content\/uploads\/2026\/08\/Kopia-av-Colorful-Collage-Cut-Outs-Birthday-Party-Invitation-3-e1786966332986-1398x1536.jpg 1398w, https:\/\/www.timmermansgarden.se\/wp-content\/uploads\/2026\/08\/Kopia-av-Colorful-Collage-Cut-Outs-Birthday-Party-Invitation-3-e1786966332986-300x330.jpg 300w, https:\/\/www.timmermansgarden.se\/wp-content\/uploads\/2026\/08\/Kopia-av-Colorful-Collage-Cut-Outs-Birthday-Party-Invitation-3-e1786966332986-850x934.jpg 850w, https:\/\/www.timmermansgarden.se\/wp-content\/uploads\/2026\/08\/Kopia-av-Colorful-Collage-Cut-Outs-Birthday-Party-Invitation-3-e1786966332986.jpg 1413w\" sizes=\"auto, (max-width: 700px) 100vw, 700px\" \/><\/a><\/figure>\n\n\n\n<div class=\"wp-block-uagb-info-box uagb-block-cfa53055 uagb-infobox__content-wrap  uagb-infobox-icon-above-title uagb-infobox-image-valign-top wp-block-uagb-info-box--has-margin\"><div class=\"uagb-infobox-margin-wrapper\"><div class=\"uagb-ifb-content\"><div class=\"uagb-ifb-title-wrap\"><h1 class=\"uagb-ifb-title\"><strong><strong>\u00d6ppethus: Kom och spela med oss!<\/strong><\/strong><\/h1><\/div><p class=\"uagb-ifb-desc\">\u200b\u200b\u200b\u200b\u200b\u200b<strong>Kom och spela med oss!<\/strong><br>Den 4 september k\u00f6r vi \u00f6ppet hus p\u00e5 Timmermansg\u00e5rden f\u00f6r alla mellan 9 och 15 \u00e5r! Det blir en eftermiddag fylld med spel, skapande och gratis fika. Vi kommer att ha Mario Kart-turnering och pingist\u00e4vlingar och sj\u00e4lvklart har vi massor av priser att dela ut till vinnarna!<br>    <strong>N\u00e4r:&nbsp;<\/strong>Fredag 4 september<br>    <strong>Tid:<\/strong>&nbsp;kl 15:00 &#8211; 18:00<br>    <strong>Plats:&nbsp;<\/strong>Timmermansg\u00e5rden, Timmermansgatan 46<\/p><\/div><\/div><\/div>\n<\/div>\n<\/div>\n\n\n\n<div style=\"height:100px\" aria-hidden=\"true\" class=\"wp-block-spacer\"><\/div>\n\n\n\n<div class=\"wp-block-uagb-container uagb-layout-flex uagb-block-b328c903 alignwide uagb-is-root-container\">\n<div class=\"wp-block-uagb-container uagb-layout-grid uagb-block-c1ae0669\">\n<h2 class=\"wp-block-heading has-text-align-center\">OTHELLO SM F\u00d6R UNGDOMAR<br>P\u00c5 TIMMERMANSG\u00c5RDEN<br>L\u00d6RDAG 5 SEPTEMBER<br><\/h2>\n\n\n<div class=\"wp-block-image\">\n<figure class=\"aligncenter size-large\"><a href=\"https:\/\/www.timmermansgarden.se\/wp-content\/uploads\/2026\/09\/USM2026_poster-1.png\"><img loading=\"lazy\" decoding=\"async\" width=\"700\" height=\"990\" src=\"https:\/\/www.timmermansgarden.se\/wp-content\/uploads\/2026\/09\/USM2026_poster-1-700x990.png\" alt=\"\" class=\"wp-image-8598\" srcset=\"https:\/\/www.timmermansgarden.se\/wp-content\/uploads\/2026\/09\/USM2026_poster-1-700x990.png 700w, https:\/\/www.timmermansgarden.se\/wp-content\/uploads\/2026\/09\/USM2026_poster-1-212x300.png 212w, https:\/\/www.timmermansgarden.se\/wp-content\/uploads\/2026\/09\/USM2026_poster-1-768x1086.png 768w, https:\/\/www.timmermansgarden.se\/wp-content\/uploads\/2026\/09\/USM2026_poster-1-1086x1536.png 1086w, https:\/\/www.timmermansgarden.se\/wp-content\/uploads\/2026\/09\/USM2026_poster-1-300x424.png 300w, https:\/\/www.timmermansgarden.se\/wp-content\/uploads\/2026\/09\/USM2026_poster-1-850x1202.png 850w, https:\/\/www.timmermansgarden.se\/wp-content\/uploads\/2026\/09\/USM2026_poster-1.png 1122w\" sizes=\"auto, (max-width: 700px) 100vw, 700px\" \/><\/a><\/figure>\n<\/div>\n\n\n<p class=\"has-text-align-center wp-block-paragraph\"><strong>\u200b\u200b\u200b\u200b<\/strong>Vill du vara med i \u00e5rets ungdomsturnering? Eller k\u00e4nner du n\u00e5gon som vill vara med?<br><br>5 september<br>10:00 (Registrering 9:00-9:45)<br>Stockholm<br><br>Timmermansg\u00e5rden, Timmermansgatan 46<br>Registrera dig genom att SMS 0720-165222.<\/p>\n<\/div>\n<\/div>\n\n\n\n<div style=\"height:100px\" aria-hidden=\"true\" class=\"wp-block-spacer\"><\/div>\n\n\n\n<div class=\"wp-block-uagb-container uagb-layout-flex uagb-block-b6dd0555 alignwide uagb-is-root-container\">\n<div class=\"wp-block-uagb-container uagb-layout-grid uagb-block-a0e8e825\"><div class=\"wp-block-image is-style-default\">\n<figure class=\"aligncenter size-large is-resized\"><a href=\"http:\/\/www.timmermansgarden.se\/wp-content\/uploads\/2025\/04\/IMG_2517-e1786812491847.jpg\"><img loading=\"lazy\" decoding=\"async\" width=\"700\" height=\"710\" src=\"http:\/\/www.timmermansgarden.se\/wp-content\/uploads\/2025\/04\/IMG_2517-e1786812491847-700x710.jpg\" alt=\"\" class=\"wp-image-6175\" style=\"aspect-ratio:0.9859318683873968;width:438px;height:auto\" srcset=\"https:\/\/www.timmermansgarden.se\/wp-content\/uploads\/2025\/04\/IMG_2517-e1786812491847-700x710.jpg 700w, https:\/\/www.timmermansgarden.se\/wp-content\/uploads\/2025\/04\/IMG_2517-e1786812491847-296x300.jpg 296w, https:\/\/www.timmermansgarden.se\/wp-content\/uploads\/2025\/04\/IMG_2517-e1786812491847-768x779.jpg 768w, https:\/\/www.timmermansgarden.se\/wp-content\/uploads\/2025\/04\/IMG_2517-e1786812491847-1514x1536.jpg 1514w, https:\/\/www.timmermansgarden.se\/wp-content\/uploads\/2025\/04\/IMG_2517-e1786812491847-300x304.jpg 300w, https:\/\/www.timmermansgarden.se\/wp-content\/uploads\/2025\/04\/IMG_2517-e1786812491847-850x862.jpg 850w, https:\/\/www.timmermansgarden.se\/wp-content\/uploads\/2025\/04\/IMG_2517-e1786812491847.jpg 1740w\" sizes=\"auto, (max-width: 700px) 100vw, 700px\" \/><\/a><\/figure>\n<\/div>\n\n\n<div class=\"wp-block-uagb-info-box uagb-block-ea023b1c uagb-infobox__content-wrap  uagb-infobox-icon-above-title uagb-infobox-image-valign-top wp-block-uagb-info-box--has-margin\"><div class=\"uagb-infobox-margin-wrapper\"><div class=\"uagb-ifb-content\"><div class=\"uagb-ifb-title-wrap\"><h1 class=\"uagb-ifb-title\"><strong>Levande verkstad<\/strong><\/h1><\/div><p class=\"uagb-ifb-desc\">F\u00f6r dig som \u00e4r mellan 13\u201325 \u00e5r, har NPF eller synneds\u00e4ttning och \u00e4r intresserad av konst och kreativitet, finns Levande Verkstad, en kreativ plats f\u00f6r dig med NPF eller synneds\u00e4ttning, d\u00e4r du kan skapa och prova olika konstformer tillsammans med andra.<br>Arvsfondsprojektet Alla kan skapa erbjuder en trygg plats f\u00f6r kreativt skapande och gemenskap. Alla \u00e4r v\u00e4lkomna att delta, uttrycka sig och m\u00f6ta nya m\u00e4nniskor.<br><br> <strong>Animation med lera<\/strong><br>    <strong>N\u00e4r:<\/strong>&nbsp; 7 september&nbsp;<br>    <strong>Tid:<\/strong>&nbsp;kl 17:00-21:00<br>    <strong>Plats:&nbsp;<\/strong>Timmermansg\u00e5rden, Timmermansgatan 46<\/p><\/div><\/div><\/div>\n<\/div>\n<\/div>\n\n\n\n<div style=\"height:100px\" aria-hidden=\"true\" class=\"wp-block-spacer\"><\/div>\n\n\n\n<div class=\"wp-block-uagb-container uagb-layout-flex uagb-block-5d9884f4 alignwide uagb-is-root-container\">\n<div class=\"wp-block-uagb-container uagb-layout-grid uagb-block-c9e1e577\">\n<figure class=\"wp-block-image size-large\"><a href=\"http:\/\/www.timmermansgarden.se\/wp-content\/uploads\/2026\/01\/500470430_18511554571026305_7407500810109157059_n.jpg\"><img loading=\"lazy\" decoding=\"async\" width=\"700\" height=\"700\" src=\"http:\/\/www.timmermansgarden.se\/wp-content\/uploads\/2026\/01\/500470430_18511554571026305_7407500810109157059_n-700x700.jpg\" alt=\"\" class=\"wp-image-7404\" srcset=\"https:\/\/www.timmermansgarden.se\/wp-content\/uploads\/2026\/01\/500470430_18511554571026305_7407500810109157059_n-700x700.jpg 700w, https:\/\/www.timmermansgarden.se\/wp-content\/uploads\/2026\/01\/500470430_18511554571026305_7407500810109157059_n-300x300.jpg 300w, https:\/\/www.timmermansgarden.se\/wp-content\/uploads\/2026\/01\/500470430_18511554571026305_7407500810109157059_n-150x150.jpg 150w, https:\/\/www.timmermansgarden.se\/wp-content\/uploads\/2026\/01\/500470430_18511554571026305_7407500810109157059_n-768x768.jpg 768w, https:\/\/www.timmermansgarden.se\/wp-content\/uploads\/2026\/01\/500470430_18511554571026305_7407500810109157059_n-850x850.jpg 850w, https:\/\/www.timmermansgarden.se\/wp-content\/uploads\/2026\/01\/500470430_18511554571026305_7407500810109157059_n.jpg 1440w\" sizes=\"auto, (max-width: 700px) 100vw, 700px\" \/><\/a><\/figure>\n\n\n\n<div class=\"wp-block-uagb-info-box uagb-block-bc084204 uagb-infobox__content-wrap  uagb-infobox-icon-above-title uagb-infobox-image-valign-top wp-block-uagb-info-box--has-margin\"><div class=\"uagb-infobox-margin-wrapper\"><div class=\"uagb-ifb-content\"><div class=\"uagb-ifb-title-wrap\"><h1 class=\"uagb-ifb-title\"><strong>Oasen<\/strong><\/h1><\/div><p class=\"uagb-ifb-desc\">\u200b\u200b\u200b\u200b\u200b\u200bOasen h\u00e5ller terminens f\u00f6rsta&nbsp;konsert med en kv\u00e4ll fokuserad p\u00e5 improviserad musik. Varje konsert formas i stunden av musiker fr\u00e5n den fria scenen, och inget set blir det andra likt.<br>Oasen har \u00e4ven konserter den 13\/10, 10\/11 samt 8\/12.<br>    <strong>N\u00e4r:&nbsp;<\/strong>Tisdag 8 september<strong><br><\/strong>    <strong>Tid:&nbsp;<\/strong>kl 18:00-21:00<br>    <strong>Plats:<\/strong>&nbsp;Timmermansg\u00e5rden, Timmermansgatan 46<\/p><\/div><\/div><\/div>\n<\/div>\n<\/div>\n\n\n\n<div style=\"height:100px\" aria-hidden=\"true\" class=\"wp-block-spacer\"><\/div>\n\n\n\n<div class=\"wp-block-uagb-container uagb-layout-flex uagb-block-c8tyg5vn alignwide uagb-is-root-container\">\n<div class=\"wp-block-uagb-container uagb-layout-grid uagb-block-2brxhbo1\">\n<figure class=\"wp-block-image size-large\"><a href=\"http:\/\/www.timmermansgarden.se\/wp-content\/uploads\/2026\/04\/2-edited.jpg\"><img loading=\"lazy\" decoding=\"async\" width=\"700\" height=\"467\" src=\"http:\/\/www.timmermansgarden.se\/wp-content\/uploads\/2026\/04\/2-edited-700x467.jpg\" alt=\"\" class=\"wp-image-7937\" srcset=\"https:\/\/www.timmermansgarden.se\/wp-content\/uploads\/2026\/04\/2-edited-700x467.jpg 700w, https:\/\/www.timmermansgarden.se\/wp-content\/uploads\/2026\/04\/2-edited-300x200.jpg 300w, https:\/\/www.timmermansgarden.se\/wp-content\/uploads\/2026\/04\/2-edited-768x512.jpg 768w, https:\/\/www.timmermansgarden.se\/wp-content\/uploads\/2026\/04\/2-edited-850x567.jpg 850w, https:\/\/www.timmermansgarden.se\/wp-content\/uploads\/2026\/04\/2-edited.jpg 1080w\" sizes=\"auto, (max-width: 700px) 100vw, 700px\" \/><\/a><\/figure>\n\n\n\n<div class=\"wp-block-uagb-info-box uagb-block-96b5lzzg uagb-infobox__content-wrap  uagb-infobox-icon-above-title uagb-infobox-image-valign-top wp-block-uagb-info-box--has-margin\"><div class=\"uagb-infobox-margin-wrapper\"><div class=\"uagb-ifb-content\"><div class=\"uagb-ifb-title-wrap\"><h1 class=\"uagb-ifb-title\"><strong><strong>Promenad-plock med picknick!<\/strong><\/strong><\/h1><\/div><p class=\"uagb-ifb-desc\">V\u00e4lkommen att ta en h\u00e4rlig promenad tillsammans med Inger! Vi promenerar p\u00e5 S\u00f6der samtidigt som vi plockar upp skr\u00e4p och g\u00f6r det sommarfint i v\u00e5r n\u00e4rmilj\u00f6. S\u00e5 ta p\u00e5 dig ett par sk\u00f6na skor och f\u00f6rena nytta med n\u00f6je. Promenaden avslutas med att vi bjuder p\u00e5 en god picknick! Det kommer att finnas material som skr\u00e4pplockare och plastp\u00e5sar p\u00e5 plats. Vid regn st\u00e4lls promenaden in.<br><br><strong>    &#8211; Vad:<\/strong>&nbsp;En h\u00e4rlig promenad p\u00e5 S\u00f6der d\u00e4r vi samtidigt plockar <br>               skr\u00e4p och g\u00f6r det sommarfint i v\u00e5r n\u00e4rmilj\u00f6. <br>               Promenaden avslutas med en picknick. &nbsp;<br>    &#8211; <strong>N\u00e4r<\/strong>:  Torsdag den 10:e september &nbsp;kl.11.00-13.00<br><br><strong>    &#8211; Var:<\/strong>&nbsp;Vi b\u00f6rjar och slutar promenaden fr\u00e5n Timmermansgatan 46, Stockholm<br><strong>    &#8211; Pris:<\/strong>&nbsp;Ingen kostnad!<br><strong>    &#8211; Hur: <\/strong>Alla \u00e5ldrar, ingen f\u00f6rkunskap kr\u00e4vs. Sk\u00f6na skor och kl\u00e4der efter v\u00e4der. <br>                Material och verktyg finns p\u00e5 plats.&nbsp;<br>    &#8211; <strong>Anm\u00e4l dig:<\/strong>&nbsp;info@timmermansgarden.se.<\/p><\/div><\/div><\/div>\n<\/div>\n<\/div>\n\n\n\n<div style=\"height:100px\" aria-hidden=\"true\" class=\"wp-block-spacer\"><\/div>\n\n\n\n<div class=\"wp-block-uagb-container uagb-layout-flex uagb-block-2b19c750 alignwide uagb-is-root-container\">\n<div class=\"wp-block-uagb-container uagb-layout-grid uagb-block-f25ffe2d\">\n<figure class=\"wp-block-image size-large\"><a href=\"http:\/\/www.timmermansgarden.se\/wp-content\/uploads\/2026\/06\/dans-yoga-7.png\"><img loading=\"lazy\" decoding=\"async\" width=\"1080\" height=\"728\" src=\"https:\/\/www.timmermansgarden.se\/wp-content\/uploads\/2026\/08\/dans-yoga-7-edited.png\" alt=\"\" class=\"wp-image-8585\" srcset=\"https:\/\/www.timmermansgarden.se\/wp-content\/uploads\/2026\/08\/dans-yoga-7-edited.png 1080w, https:\/\/www.timmermansgarden.se\/wp-content\/uploads\/2026\/08\/dans-yoga-7-edited-300x202.png 300w, https:\/\/www.timmermansgarden.se\/wp-content\/uploads\/2026\/08\/dans-yoga-7-edited-700x472.png 700w, https:\/\/www.timmermansgarden.se\/wp-content\/uploads\/2026\/08\/dans-yoga-7-edited-768x518.png 768w, https:\/\/www.timmermansgarden.se\/wp-content\/uploads\/2026\/08\/dans-yoga-7-edited-850x573.png 850w\" sizes=\"auto, (max-width: 1080px) 100vw, 1080px\" \/><\/a><\/figure>\n\n\n\n<div class=\"wp-block-uagb-info-box uagb-block-b9909f9e uagb-infobox__content-wrap  uagb-infobox-icon-above-title uagb-infobox-image-valign-top wp-block-uagb-info-box--has-margin\"><div class=\"uagb-infobox-margin-wrapper\"><div class=\"uagb-ifb-content\"><div class=\"uagb-ifb-title-wrap\"><h1 class=\"uagb-ifb-title\"><strong><strong>Senioryoga: Gratis prova-p\u00e5<\/strong><\/strong>!<\/h1><\/div><p class=\"uagb-ifb-desc\">En lugn och trygg klass med utg\u00e5ngspunkt i sittande yoga p\u00e5 stol. Fokus ligger p\u00e5 andning, medveten n\u00e4rvaro, mjuk r\u00f6rlighet, cirkulation, balans och avsp\u00e4nning. Klassen kan \u00e4ven inneh\u00e5lla enklare meditation, toning och vila.&nbsp;Anpassad f\u00f6r seniorer som vill m\u00f6ta kroppen p\u00e5 ett skonsamt, ink\u00e4nnande och \u00e5terh\u00e4mtande s\u00e4tt.<br><br>N\u00e4r: Torsdag, den 10 september kl 11:00\u201312:00<\/p><\/div><\/div><\/div>\n<\/div>\n<\/div>\n\n\n\n<div style=\"height:100px\" aria-hidden=\"true\" class=\"wp-block-spacer\"><\/div>\n\n\n\n<div class=\"wp-block-uagb-container uagb-layout-flex uagb-block-5b3cd9ef alignwide uagb-is-root-container\">\n<div class=\"wp-block-uagb-container uagb-layout-grid uagb-block-bbcf7f15\">\n<figure class=\"wp-block-image size-large\"><a href=\"http:\/\/www.timmermansgarden.se\/wp-content\/uploads\/2026\/05\/dans-yoga-edited.png\"><img loading=\"lazy\" decoding=\"async\" width=\"700\" height=\"467\" src=\"http:\/\/www.timmermansgarden.se\/wp-content\/uploads\/2026\/05\/dans-yoga-edited-700x467.png\" alt=\"\" class=\"wp-image-8052\" srcset=\"https:\/\/www.timmermansgarden.se\/wp-content\/uploads\/2026\/05\/dans-yoga-edited-700x467.png 700w, https:\/\/www.timmermansgarden.se\/wp-content\/uploads\/2026\/05\/dans-yoga-edited-300x200.png 300w, https:\/\/www.timmermansgarden.se\/wp-content\/uploads\/2026\/05\/dans-yoga-edited-768x512.png 768w, https:\/\/www.timmermansgarden.se\/wp-content\/uploads\/2026\/05\/dans-yoga-edited-850x567.png 850w, https:\/\/www.timmermansgarden.se\/wp-content\/uploads\/2026\/05\/dans-yoga-edited.png 1080w\" sizes=\"auto, (max-width: 700px) 100vw, 700px\" \/><\/a><\/figure>\n\n\n\n<div class=\"wp-block-uagb-info-box uagb-block-df10b09e uagb-infobox__content-wrap  uagb-infobox-icon-above-title uagb-infobox-image-valign-top wp-block-uagb-info-box--has-margin\"><div class=\"uagb-infobox-margin-wrapper\"><div class=\"uagb-ifb-content\"><div class=\"uagb-ifb-title-wrap\"><h1 class=\"uagb-ifb-title\"><strong><strong>Dansyoga: Gratis prova-p\u00e5<\/strong><\/strong>!<\/h1><\/div><p class=\"uagb-ifb-desc\">En mjuk och lustfylld r\u00f6relseklass till musik d\u00e4r du f\u00e5r r\u00f6ra dig utifr\u00e5n dina egna f\u00f6ruts\u00e4ttningar. Genom enkel guidning, andningsfokus och fri r\u00f6relse ges m\u00f6jlighet att sl\u00e4ppa sp\u00e4nningar, f\u00f6rdjupa n\u00e4rvaron och landa mer i kroppen. Klassen passar alla \u2013 du beh\u00f6ver inte kunna dansa och det finns ingen koreografi att f\u00f6lja.<br><br>N\u00e4r: Torsdag, den 10 september kl 12:30\u201313:30<\/p><\/div><\/div><\/div>\n<\/div>\n<\/div>\n\n\n\n<div style=\"height:100px\" aria-hidden=\"true\" class=\"wp-block-spacer\"><\/div>\n\n\n\n<div class=\"wp-block-uagb-container uagb-layout-flex uagb-block-80901bd6 alignwide uagb-is-root-container\">\n<div class=\"wp-block-uagb-container uagb-layout-grid uagb-block-386f80b9\">\n<figure class=\"wp-block-image size-large\"><a href=\"https:\/\/www.timmermansgarden.se\/wp-content\/uploads\/2026\/09\/Unknown.jpg\"><img loading=\"lazy\" decoding=\"async\" width=\"700\" height=\"176\" src=\"https:\/\/www.timmermansgarden.se\/wp-content\/uploads\/2026\/09\/Unknown-700x176.jpg\" alt=\"\" class=\"wp-image-8612\" srcset=\"https:\/\/www.timmermansgarden.se\/wp-content\/uploads\/2026\/09\/Unknown-700x176.jpg 700w, https:\/\/www.timmermansgarden.se\/wp-content\/uploads\/2026\/09\/Unknown-300x76.jpg 300w, https:\/\/www.timmermansgarden.se\/wp-content\/uploads\/2026\/09\/Unknown-768x193.jpg 768w, https:\/\/www.timmermansgarden.se\/wp-content\/uploads\/2026\/09\/Unknown-850x214.jpg 850w, https:\/\/www.timmermansgarden.se\/wp-content\/uploads\/2026\/09\/Unknown.jpg 1200w\" sizes=\"auto, (max-width: 700px) 100vw, 700px\" \/><\/a><\/figure>\n\n\n\n<div class=\"wp-block-uagb-info-box uagb-block-7ee60e5e uagb-infobox__content-wrap  uagb-infobox-icon-above-title uagb-infobox-image-valign-top wp-block-uagb-info-box--has-margin\"><div class=\"uagb-infobox-margin-wrapper\"><div class=\"uagb-ifb-content\"><div class=\"uagb-ifb-title-wrap\"><h1 class=\"uagb-ifb-title\"><strong>Lettisk kulturkv\u00e4ll med musik<\/strong><\/h1><\/div><p class=\"uagb-ifb-desc\">F\u00f6lj med p\u00e5 en nostalgisk och underh\u00e5llande musikalisk resa genom Lettlands mest \u00e4lskade teaterupps\u00e4ttningar och klassiska filmer fr\u00e5n 1960-90- talet. TV- och radioprofilen Raitis Zapackis och gitarristen P\u0113teris Asbahs bjuder p\u00e5 en varm kv\u00e4ll fylld av k\u00e4nda melodier, dragspel, gitarr och humoristiska anekdoter fr\u00e5n kulisserna.<br><br><strong>     N\u00e4r:&nbsp;<\/strong>L\u00f6rdag 19 september<br><strong>     Tid:<\/strong>&nbsp;kl 19:00-21:00<br>     <strong>Entr\u00e9:&nbsp;<\/strong>&nbsp;250 kr<br><strong>     Speltid:&nbsp;<\/strong>Cirka 75 minuter (utan paus)<br><strong>     Plats:&nbsp;<\/strong>Timmermansg\u00e5rden, Timmermansgatan 46<br><br>Boka din plats i f\u00f6rv\u00e4g genom att anm\u00e4la ditt deltagande via e-post till:&nbsp;<strong>maija.janus@yahoo.se.<\/strong><\/p><\/div><\/div><\/div>\n<\/div>\n<\/div>\n<\/div><\/div>\n\n\n\n<div style=\"height:100px\" aria-hidden=\"true\" class=\"wp-block-spacer\"><\/div>\n\n\n\n<div style=\"height:348px\" aria-hidden=\"true\" class=\"wp-block-spacer\"><\/div>\n\n\n<div class=\"wp-block-image\">\n<figure class=\"alignright size-full is-resized\"><a href=\"https:\/\/www.timmermansgarden.se\/wp-content\/uploads\/2025\/12\/image-1.png\"><img loading=\"lazy\" decoding=\"async\" width=\"612\" height=\"100\" src=\"https:\/\/www.timmermansgarden.se\/wp-content\/uploads\/2025\/12\/image-1.png\" alt=\"\" class=\"wp-image-7337\" style=\"aspect-ratio:6.119782044681555;width:798px;height:auto\" srcset=\"https:\/\/www.timmermansgarden.se\/wp-content\/uploads\/2025\/12\/image-1.png 612w, https:\/\/www.timmermansgarden.se\/wp-content\/uploads\/2025\/12\/image-1-300x49.png 300w\" sizes=\"auto, (max-width: 612px) 100vw, 612px\" \/><\/a><\/figure>\n<\/div>\n\n\n<figure class=\"wp-block-image size-large is-resized\"><a href=\"http:\/\/www.timmermansgarden.se\/wp-content\/uploads\/2026\/01\/Skarmbild-2026-01-22-153126-e1782484691259.png\"><img loading=\"lazy\" decoding=\"async\" width=\"700\" height=\"243\" src=\"http:\/\/www.timmermansgarden.se\/wp-content\/uploads\/2026\/01\/Skarmbild-2026-01-22-153126-e1782484691259-700x243.png\" alt=\"\" class=\"wp-image-7397\" style=\"aspect-ratio:2.6316820050910517;width:840px;height:auto\" srcset=\"https:\/\/www.timmermansgarden.se\/wp-content\/uploads\/2026\/01\/Skarmbild-2026-01-22-153126-e1782484691259-700x243.png 700w, https:\/\/www.timmermansgarden.se\/wp-content\/uploads\/2026\/01\/Skarmbild-2026-01-22-153126-e1782484691259-300x104.png 300w, https:\/\/www.timmermansgarden.se\/wp-content\/uploads\/2026\/01\/Skarmbild-2026-01-22-153126-e1782484691259-768x266.png 768w, https:\/\/www.timmermansgarden.se\/wp-content\/uploads\/2026\/01\/Skarmbild-2026-01-22-153126-e1782484691259.png 807w\" sizes=\"auto, (max-width: 700px) 100vw, 700px\" \/><\/a><\/figure>\n<div id=\"facebook_like\"><iframe src=\"http:\/\/www.facebook.com\/plugins\/like.php?href=https%3A%2F%2Fwww.timmermansgarden.se%2F&amp;layout=standard&amp;show_faces=true&amp;width=500&amp;action=like&amp;font=segoe+ui&amp;colorscheme=light&amp;height=80\" scrolling=\"no\" frameborder=\"0\" style=\"border:none; overflow:hidden; width:500px; height:80px;\" allowTransparency=\"true\"><\/iframe><\/div>","protected":false},"excerpt":{"rendered":"<p>OTHELLO SM F\u00d6R UNGDOMARP\u00c5 TIMMERMANSG\u00c5RDENL\u00d6RDAG 5 SEPTEMBER \u200b\u200b\u200b\u200bVill du vara med i \u00e5rets ungdomsturnering? Eller k\u00e4nner du n\u00e5gon som vill vara med? 5 september10:00 (Registrering 9:00-9:45)Stockholm Timmermansg\u00e5rden, Timmermansgatan 46Registrera dig genom att SMS 0720-165222.<\/p>\n","protected":false},"author":1,"featured_media":0,"parent":0,"menu_order":0,"comment_status":"closed","ping_status":"closed","template":"","meta":{"_uag_custom_page_level_css":"","_uf_show_specific_survey":0,"_uf_disable_surveys":false,"footnotes":""},"class_list":["post-6264","page","type-page","status-publish","hentry"],"yoast_head":"<!-- This site is optimized with the Yoast SEO plugin v28.4 - https:\/\/yoast.com\/product\/yoast-seo-wordpress\/ -->\n<title>Timmermansg\u00e5rden \u2013 Ditt kulturhus och m\u00f6tesplats p\u00e5 S\u00f6dermalm<\/title>\n<meta name=\"description\" content=\"Timmermansg\u00e5rden \u00e4r ett kulturhus som erbjuder n\u00e5nting f\u00f6r alla \u00e5ldrar. S\u00f6ker du efter n\u00e5tt att g\u00f6ra i S\u00f6dermalm? Vi har kurser, kulturevenemang, fritidsverksamhet och aktiviteter f\u00f6r alla \u00e5ldrar.\" \/>\n<meta name=\"robots\" content=\"index, follow, max-snippet:-1, max-image-preview:large, max-video-preview:-1\" \/>\n<link rel=\"canonical\" href=\"https:\/\/www.timmermansgarden.se\/\" \/>\n<meta property=\"og:locale\" content=\"sv_SE\" \/>\n<meta property=\"og:type\" content=\"article\" \/>\n<meta property=\"og:title\" content=\"Timmermansg\u00e5rden \u2013 Ditt kulturhus och m\u00f6tesplats p\u00e5 S\u00f6dermalm\" \/>\n<meta property=\"og:description\" content=\"Timmermansg\u00e5rden \u00e4r ett kulturhus som erbjuder n\u00e5nting f\u00f6r alla \u00e5ldrar. S\u00f6ker du efter n\u00e5tt att g\u00f6ra i S\u00f6dermalm? Vi har kurser, kulturevenemang, fritidsverksamhet och aktiviteter f\u00f6r alla \u00e5ldrar.\" \/>\n<meta property=\"og:url\" content=\"https:\/\/www.timmermansgarden.se\/\" \/>\n<meta property=\"og:site_name\" content=\"Timmermansg\u00e5rden\" \/>\n<meta property=\"article:modified_time\" content=\"2026-09-04T11:21:16+00:00\" \/>\n<meta property=\"og:image\" content=\"https:\/\/www.timmermansgarden.se\/wp-content\/uploads\/2026\/08\/Kopia-av-Colorful-Collage-Cut-Outs-Birthday-Party-Invitation-3-e1786966332986.jpg\" \/>\n\t<meta property=\"og:image:width\" content=\"1413\" \/>\n\t<meta property=\"og:image:height\" content=\"1553\" \/>\n\t<meta property=\"og:image:type\" content=\"image\/jpeg\" \/>\n<meta name=\"twitter:card\" content=\"summary_large_image\" \/>\n<meta name=\"twitter:label1\" content=\"Ber\u00e4knad l\u00e4stid\" \/>\n\t<meta name=\"twitter:data1\" content=\"5 minuter\" \/>\n<script type=\"application\/ld+json\" class=\"yoast-schema-graph\">{\"@context\":\"https:\\\/\\\/schema.org\",\"@graph\":[{\"@type\":\"WebPage\",\"@id\":\"https:\\\/\\\/www.timmermansgarden.se\\\/\",\"url\":\"https:\\\/\\\/www.timmermansgarden.se\\\/\",\"name\":\"Timmermansg\u00e5rden \u2013 Ditt kulturhus och m\u00f6tesplats p\u00e5 S\u00f6dermalm\",\"isPartOf\":{\"@id\":\"https:\\\/\\\/www.timmermansgarden.se\\\/#website\"},\"primaryImageOfPage\":{\"@id\":\"https:\\\/\\\/www.timmermansgarden.se\\\/#primaryimage\"},\"image\":{\"@id\":\"https:\\\/\\\/www.timmermansgarden.se\\\/#primaryimage\"},\"thumbnailUrl\":\"http:\\\/\\\/www.timmermansgarden.se\\\/wp-content\\\/uploads\\\/2026\\\/08\\\/Kopia-av-Colorful-Collage-Cut-Outs-Birthday-Party-Invitation-3-e1786966332986-700x769.jpg\",\"datePublished\":\"2025-04-23T13:53:30+00:00\",\"dateModified\":\"2026-09-04T11:21:16+00:00\",\"description\":\"Timmermansg\u00e5rden \u00e4r ett kulturhus som erbjuder n\u00e5nting f\u00f6r alla \u00e5ldrar. S\u00f6ker du efter n\u00e5tt att g\u00f6ra i S\u00f6dermalm? Vi har kurser, kulturevenemang, fritidsverksamhet och aktiviteter f\u00f6r alla \u00e5ldrar.\",\"breadcrumb\":{\"@id\":\"https:\\\/\\\/www.timmermansgarden.se\\\/#breadcrumb\"},\"inLanguage\":\"sv-SE\",\"potentialAction\":[{\"@type\":\"ReadAction\",\"target\":[\"https:\\\/\\\/www.timmermansgarden.se\\\/\"]}]},{\"@type\":\"ImageObject\",\"inLanguage\":\"sv-SE\",\"@id\":\"https:\\\/\\\/www.timmermansgarden.se\\\/#primaryimage\",\"url\":\"https:\\\/\\\/www.timmermansgarden.se\\\/wp-content\\\/uploads\\\/2026\\\/08\\\/Kopia-av-Colorful-Collage-Cut-Outs-Birthday-Party-Invitation-3-e1786966332986.jpg\",\"contentUrl\":\"https:\\\/\\\/www.timmermansgarden.se\\\/wp-content\\\/uploads\\\/2026\\\/08\\\/Kopia-av-Colorful-Collage-Cut-Outs-Birthday-Party-Invitation-3-e1786966332986.jpg\",\"width\":1413,\"height\":1553},{\"@type\":\"BreadcrumbList\",\"@id\":\"https:\\\/\\\/www.timmermansgarden.se\\\/#breadcrumb\",\"itemListElement\":[{\"@type\":\"ListItem\",\"position\":1,\"name\":\"Hem\",\"item\":\"https:\\\/\\\/www.timmermansgarden.se\\\/\"},{\"@type\":\"ListItem\",\"position\":2,\"name\":\"Timmermansg\u00e5rden \u2013 Ditt kulturhus och m\u00f6tesplats p\u00e5 S\u00f6dermalm\"}]},{\"@type\":\"WebSite\",\"@id\":\"https:\\\/\\\/www.timmermansgarden.se\\\/#website\",\"url\":\"https:\\\/\\\/www.timmermansgarden.se\\\/\",\"name\":\"Timmermansg\u00e5rden\",\"description\":\"\",\"publisher\":{\"@id\":\"https:\\\/\\\/www.timmermansgarden.se\\\/#organization\"},\"potentialAction\":[{\"@type\":\"SearchAction\",\"target\":{\"@type\":\"EntryPoint\",\"urlTemplate\":\"https:\\\/\\\/www.timmermansgarden.se\\\/?s={search_term_string}\"},\"query-input\":{\"@type\":\"PropertyValueSpecification\",\"valueRequired\":true,\"valueName\":\"search_term_string\"}}],\"inLanguage\":\"sv-SE\"},{\"@type\":\"Organization\",\"@id\":\"https:\\\/\\\/www.timmermansgarden.se\\\/#organization\",\"name\":\"Timmermansg\u00e5rden\",\"url\":\"https:\\\/\\\/www.timmermansgarden.se\\\/\",\"logo\":{\"@type\":\"ImageObject\",\"inLanguage\":\"sv-SE\",\"@id\":\"https:\\\/\\\/www.timmermansgarden.se\\\/#\\\/schema\\\/logo\\\/image\\\/\",\"url\":\"https:\\\/\\\/www.timmermansgarden.se\\\/wp-content\\\/uploads\\\/2025\\\/06\\\/cropped-image.png\",\"contentUrl\":\"https:\\\/\\\/www.timmermansgarden.se\\\/wp-content\\\/uploads\\\/2025\\\/06\\\/cropped-image.png\",\"width\":940,\"height\":198,\"caption\":\"Timmermansg\u00e5rden\"},\"image\":{\"@id\":\"https:\\\/\\\/www.timmermansgarden.se\\\/#\\\/schema\\\/logo\\\/image\\\/\"}}]}<\/script>\n<!-- \/ Yoast SEO plugin. -->","yoast_head_json":{"title":"Timmermansg\u00e5rden \u2013 Ditt kulturhus och m\u00f6tesplats p\u00e5 S\u00f6dermalm","description":"Timmermansg\u00e5rden \u00e4r ett kulturhus som erbjuder n\u00e5nting f\u00f6r alla \u00e5ldrar. S\u00f6ker du efter n\u00e5tt att g\u00f6ra i S\u00f6dermalm? Vi har kurser, kulturevenemang, fritidsverksamhet och aktiviteter f\u00f6r alla \u00e5ldrar.","robots":{"index":"index","follow":"follow","max-snippet":"max-snippet:-1","max-image-preview":"max-image-preview:large","max-video-preview":"max-video-preview:-1"},"canonical":"https:\/\/www.timmermansgarden.se\/","og_locale":"sv_SE","og_type":"article","og_title":"Timmermansg\u00e5rden \u2013 Ditt kulturhus och m\u00f6tesplats p\u00e5 S\u00f6dermalm","og_description":"Timmermansg\u00e5rden \u00e4r ett kulturhus som erbjuder n\u00e5nting f\u00f6r alla \u00e5ldrar. S\u00f6ker du efter n\u00e5tt att g\u00f6ra i S\u00f6dermalm? Vi har kurser, kulturevenemang, fritidsverksamhet och aktiviteter f\u00f6r alla \u00e5ldrar.","og_url":"https:\/\/www.timmermansgarden.se\/","og_site_name":"Timmermansg\u00e5rden","article_modified_time":"2026-09-04T11:21:16+00:00","og_image":[{"width":1413,"height":1553,"url":"https:\/\/www.timmermansgarden.se\/wp-content\/uploads\/2026\/08\/Kopia-av-Colorful-Collage-Cut-Outs-Birthday-Party-Invitation-3-e1786966332986.jpg","type":"image\/jpeg"}],"twitter_card":"summary_large_image","twitter_misc":{"Ber\u00e4knad l\u00e4stid":"5 minuter"},"schema":{"@context":"https:\/\/schema.org","@graph":[{"@type":"WebPage","@id":"https:\/\/www.timmermansgarden.se\/","url":"https:\/\/www.timmermansgarden.se\/","name":"Timmermansg\u00e5rden \u2013 Ditt kulturhus och m\u00f6tesplats p\u00e5 S\u00f6dermalm","isPartOf":{"@id":"https:\/\/www.timmermansgarden.se\/#website"},"primaryImageOfPage":{"@id":"https:\/\/www.timmermansgarden.se\/#primaryimage"},"image":{"@id":"https:\/\/www.timmermansgarden.se\/#primaryimage"},"thumbnailUrl":"http:\/\/www.timmermansgarden.se\/wp-content\/uploads\/2026\/08\/Kopia-av-Colorful-Collage-Cut-Outs-Birthday-Party-Invitation-3-e1786966332986-700x769.jpg","datePublished":"2025-04-23T13:53:30+00:00","dateModified":"2026-09-04T11:21:16+00:00","description":"Timmermansg\u00e5rden \u00e4r ett kulturhus som erbjuder n\u00e5nting f\u00f6r alla \u00e5ldrar. S\u00f6ker du efter n\u00e5tt att g\u00f6ra i S\u00f6dermalm? Vi har kurser, kulturevenemang, fritidsverksamhet och aktiviteter f\u00f6r alla \u00e5ldrar.","breadcrumb":{"@id":"https:\/\/www.timmermansgarden.se\/#breadcrumb"},"inLanguage":"sv-SE","potentialAction":[{"@type":"ReadAction","target":["https:\/\/www.timmermansgarden.se\/"]}]},{"@type":"ImageObject","inLanguage":"sv-SE","@id":"https:\/\/www.timmermansgarden.se\/#primaryimage","url":"https:\/\/www.timmermansgarden.se\/wp-content\/uploads\/2026\/08\/Kopia-av-Colorful-Collage-Cut-Outs-Birthday-Party-Invitation-3-e1786966332986.jpg","contentUrl":"https:\/\/www.timmermansgarden.se\/wp-content\/uploads\/2026\/08\/Kopia-av-Colorful-Collage-Cut-Outs-Birthday-Party-Invitation-3-e1786966332986.jpg","width":1413,"height":1553},{"@type":"BreadcrumbList","@id":"https:\/\/www.timmermansgarden.se\/#breadcrumb","itemListElement":[{"@type":"ListItem","position":1,"name":"Hem","item":"https:\/\/www.timmermansgarden.se\/"},{"@type":"ListItem","position":2,"name":"Timmermansg\u00e5rden \u2013 Ditt kulturhus och m\u00f6tesplats p\u00e5 S\u00f6dermalm"}]},{"@type":"WebSite","@id":"https:\/\/www.timmermansgarden.se\/#website","url":"https:\/\/www.timmermansgarden.se\/","name":"Timmermansg\u00e5rden","description":"","publisher":{"@id":"https:\/\/www.timmermansgarden.se\/#organization"},"potentialAction":[{"@type":"SearchAction","target":{"@type":"EntryPoint","urlTemplate":"https:\/\/www.timmermansgarden.se\/?s={search_term_string}"},"query-input":{"@type":"PropertyValueSpecification","valueRequired":true,"valueName":"search_term_string"}}],"inLanguage":"sv-SE"},{"@type":"Organization","@id":"https:\/\/www.timmermansgarden.se\/#organization","name":"Timmermansg\u00e5rden","url":"https:\/\/www.timmermansgarden.se\/","logo":{"@type":"ImageObject","inLanguage":"sv-SE","@id":"https:\/\/www.timmermansgarden.se\/#\/schema\/logo\/image\/","url":"https:\/\/www.timmermansgarden.se\/wp-content\/uploads\/2025\/06\/cropped-image.png","contentUrl":"https:\/\/www.timmermansgarden.se\/wp-content\/uploads\/2025\/06\/cropped-image.png","width":940,"height":198,"caption":"Timmermansg\u00e5rden"},"image":{"@id":"https:\/\/www.timmermansgarden.se\/#\/schema\/logo\/image\/"}}]}},"uagb_featured_image_src":{"full":false,"thumbnail":false,"medium":false,"medium_large":false,"large":false,"1536x1536":false,"2048x2048":false,"post-thumbnail":false,"minimalistblogger-grid":false,"minimalistblogger-slider":false,"minimalistblogger-small":false},"uagb_author_info":{"display_name":"admin","author_link":"https:\/\/www.timmermansgarden.se\/?author=1"},"uagb_comment_info":0,"uagb_excerpt":"OTHELLO SM F\u00d6R UNGDOMARP\u00c5 TIMMERMANSG\u00c5RDENL\u00d6RDAG 5 SEPTEMBER \u200b\u200b\u200b\u200bVill du vara med i \u00e5rets ungdomsturnering? Eller k\u00e4nner du n\u00e5gon som vill vara med? 5 september10:00 (Registrering 9:00-9:45)Stockholm Timmermansg\u00e5rden, Timmermansgatan 46Registrera dig genom att SMS 0720-165222.","_links":{"self":[{"href":"https:\/\/www.timmermansgarden.se\/index.php?rest_route=\/wp\/v2\/pages\/6264","targetHints":{"allow":["GET"]}}],"collection":[{"href":"https:\/\/www.timmermansgarden.se\/index.php?rest_route=\/wp\/v2\/pages"}],"about":[{"href":"https:\/\/www.timmermansgarden.se\/index.php?rest_route=\/wp\/v2\/types\/page"}],"author":[{"embeddable":true,"href":"https:\/\/www.timmermansgarden.se\/index.php?rest_route=\/wp\/v2\/users\/1"}],"replies":[{"embeddable":true,"href":"https:\/\/www.timmermansgarden.se\/index.php?rest_route=%2Fwp%2Fv2%2Fcomments&post=6264"}],"version-history":[{"count":433,"href":"https:\/\/www.timmermansgarden.se\/index.php?rest_route=\/wp\/v2\/pages\/6264\/revisions"}],"predecessor-version":[{"id":8614,"href":"https:\/\/www.timmermansgarden.se\/index.php?rest_route=\/wp\/v2\/pages\/6264\/revisions\/8614"}],"wp:attachment":[{"href":"https:\/\/www.timmermansgarden.se\/index.php?rest_route=%2Fwp%2Fv2%2Fmedia&parent=6264"}],"curies":[{"name":"wp","href":"https:\/\/api.w.org\/{rel}","templated":true}]}}